{"id":4639,"date":"2024-05-13T09:03:08","date_gmt":"2024-05-13T13:03:08","guid":{"rendered":"https:\/\/worldcongress.iclei.org\/program\/nutrindo-a-comunidade-e-o-bem-estar-planetario\/"},"modified":"2024-07-04T05:57:49","modified_gmt":"2024-07-04T09:57:49","slug":"nutrindo-a-comunidade-e-o-bem-estar-planetario","status":"publish","type":"program","link":"https:\/\/worldcongress.iclei.org\/pt-br\/program\/session-block-c-destaque-para-a-america-do-sul\/nutrindo-a-comunidade-e-o-bem-estar-planetario\/","title":{"rendered":"Nutrindo a comunidade e o bem-estar planet\u00e1rio"},"content":{"rendered":"<p>Descubra como as cidades podem florescer quando a natureza e a sa\u00fade humana se unem. Junte-se a n\u00f3s em uma sess\u00e3o din\u00e2mica, na qual voc\u00ea ouvir\u00e1 especialistas se aprofundarem em estrat\u00e9gias pr\u00e1ticas e estimularem a colabora\u00e7\u00e3o para construir comunidades mais saud\u00e1veis e sustent\u00e1veis para todos. Exploraremos o poder transformador da integra\u00e7\u00e3o da natureza ao planejamento urbano por meio das lentes do<em> One Health<\/em>. A abordagem<em> One Health<\/em>, conforme defendida pela Organiza\u00e7\u00e3o Mundial da Sa\u00fade e reconhecida em v\u00e1rias decis\u00f5es da Conven\u00e7\u00e3o sobre Diversidade Biol\u00f3gica, no planejamento e na tomada de decis\u00f5es, reconhecendo que a sa\u00fade e o bem-estar humanos est\u00e3o intrinsecamente ligados \u00e0 sa\u00fade e ao bem-estar do planeta.<\/p>\n<p>Esta sess\u00e3o esclarece como a abordagem <em>One Health<\/em> pode revolucionar o bem-estar urbano, apresentando estrat\u00e9gias tang\u00edveis para integrar essa abordagem \u00e0s decis\u00f5es de planejamento urbano. Ela tamb\u00e9m explora o potencial das solu\u00e7\u00f5es baseadas na natureza (SbNs) para melhorar a sa\u00fade das pessoas e do planeta, oferecendo insights sobre como superar as barreiras \u00e0 integra\u00e7\u00e3o da SbN em n\u00edvel local e subnacional.<\/p>\n<p>Participe deste painel capacitador que defende os princ\u00edpios do <em>One Health<\/em> e das SbN nos esfor\u00e7os de planejamento urbano. Juntos, tra\u00e7aremos um futuro em que a natureza prosperar\u00e1 nas cidades, promovendo o bem-estar humano e planet\u00e1rio.<\/p>\n<p><strong>Palestrantes:<\/strong><\/p>\n<ul>\n<li><strong>Cristina Romanelli<\/strong>, <span style=\"font-weight: 400;\">Oficial <\/span><span style=\"font-weight: 400;\">do Programa:<\/span><span style=\"font-weight: 400;\"> Biodiversidade<\/span><span style=\"font-weight: 400;\">, Mudan\u00e7as Clim\u00e1ticas e Sa\u00fade, Organiza\u00e7\u00e3o Mundial da Sa\u00fade (OMS) <\/span><\/li>\n<li><span style=\"font-weight: 400;\"><strong>Juliana Gatti<\/strong>, <\/span><span style=\"font-weight: 400;\">Idealizadora e Diretora Executiva, Instituto \u00c1rvores Vivas <\/span><\/li>\n<li><span style=\"font-weight: 400;\"><strong>Luis Carlos Soares Madeira Domingos<\/strong>, <\/span><span style=\"font-weight: 400;\">Pesquisador de Sa\u00fade Urbana, Fiocruz<\/span><\/li>\n<li><strong>Mar\u00eda Aurelia Sarmiento<\/strong>, Prefeita, Cidade de San Fernando, Equador; Representante, AME<\/li>\n<li><b>Mauricio Vila<\/b><span style=\"font-weight: 400;\">, Governador, Estado de Yucatan, M\u00e9xico <\/span><\/li>\n<li><strong>Paula Forttes,<\/strong> Diretora, Faculdade Latino-Americana de Ci\u00eancias Sociais<\/li>\n<li><strong>Rog\u00e9rio Menezes,<\/strong> Secret\u00e1rio de Meio Ambiente, <span style=\"font-weight: 400;\">Cidade de Campinas, Brasil<\/span><\/li>\n<li><strong>Wilson Ram\u00edrez,<\/strong> Diretor do Centro de Solu\u00e7\u00f5es Baseadas na Natureza do Instituto Alexander von Humboldt (Conexus), Col\u00f4mbia<\/li>\n<li><span style=\"font-weight: 400;\"><strong>Kobie Brand<\/strong>, <\/span><span style=\"font-weight: 400;\">Secret\u00e1ria Geral Adjunta, ICLEI &#8211; Governos Locais pela Sustentabilidade; Diretora Regional do Secretariado do ICLEI \u00c1frica <\/span><\/li>\n<\/ul>\n<p><strong>Moderadores:<\/strong><\/p>\n<p><em><span style=\"font-weight: 400;\">Mar\u00edlia Israel, <\/span> <span style=\"font-weight: 400;\">Assessora Regional de Biodiversidade e Resili\u00eancia, Secretariado ICLEI Am\u00e9rica do Sul<br \/>\n<\/span><\/em><em><span style=\"font-weight: 400;\">Shreya Utkarsh, <\/span> <span style=\"font-weight: 400;\">Especialista em Biodiversidade e Solu\u00e7\u00f5es Baseadas na Natureza, Secretariado do ICLEI Europa<\/span><\/em><\/p>\n<p><strong>Artista gr\u00e1fica:<\/strong><\/p>\n<p><em>Marina Dain, Ciclo Gaia Viva, Brasil<\/em><\/p>\n<p>&nbsp;<\/p>\n","protected":false},"excerpt":{"rendered":"<p>Descubra como as cidades podem florescer quando a natureza e a sa\u00fade humana se unem. Junte-se a n\u00f3s em uma sess\u00e3o din\u00e2mica, na qual voc\u00ea ouvir\u00e1 especialistas se aprofundarem em estrat\u00e9gias pr\u00e1ticas e estimularem a colabora\u00e7\u00e3o para construir comunidades mais saud\u00e1veis e sustent\u00e1veis para todos. Exploraremos o poder transformador da integra\u00e7\u00e3o da natureza ao planejamento [&hellip;]<\/p>\n","protected":false},"author":3,"featured_media":3023,"parent":5171,"menu_order":4,"template":"","format":"standard","meta":{"iawp_total_views":49,"footnotes":""},"class_list":["post-4639","program","type-program","status-publish","format-standard","has-post-thumbnail","hentry"],"_links":{"self":[{"href":"https:\/\/worldcongress.iclei.org\/pt-br\/wp-json\/wp\/v2\/program\/4639","targetHints":{"allow":["GET"]}}],"collection":[{"href":"https:\/\/worldcongress.iclei.org\/pt-br\/wp-json\/wp\/v2\/program"}],"about":[{"href":"https:\/\/worldcongress.iclei.org\/pt-br\/wp-json\/wp\/v2\/types\/program"}],"author":[{"embeddable":true,"href":"https:\/\/worldcongress.iclei.org\/pt-br\/wp-json\/wp\/v2\/users\/3"}],"version-history":[{"count":8,"href":"https:\/\/worldcongress.iclei.org\/pt-br\/wp-json\/wp\/v2\/program\/4639\/revisions"}],"predecessor-version":[{"id":10571,"href":"https:\/\/worldcongress.iclei.org\/pt-br\/wp-json\/wp\/v2\/program\/4639\/revisions\/10571"}],"up":[{"embeddable":true,"href":"https:\/\/worldcongress.iclei.org\/pt-br\/wp-json\/wp\/v2\/program\/5171"}],"wp:featuredmedia":[{"embeddable":true,"href":"https:\/\/worldcongress.iclei.org\/pt-br\/wp-json\/wp\/v2\/media\/3023"}],"wp:attachment":[{"href":"https:\/\/worldcongress.iclei.org\/pt-br\/wp-json\/wp\/v2\/media?parent=4639"}],"curies":[{"name":"wp","href":"https:\/\/api.w.org\/{rel}","templated":true}]}}